{"id":91,"date":"2017-10-17T14:28:35","date_gmt":"2017-10-17T12:28:35","guid":{"rendered":"http:\/\/fotbal.visnove.cz\/?page_id=91"},"modified":"2017-11-27T13:40:58","modified_gmt":"2017-11-27T12:40:58","slug":"historie","status":"publish","type":"page","link":"http:\/\/fotbal.visnove.cz\/index.php\/historie\/","title":{"rendered":"Historie"},"content":{"rendered":"<div style=\"text-align: justify;\">\u00a0 \u00a0 \u00a0<strong> \u00a0 \u00a0Na za\u010d\u00e1tku tohoto vypr\u00e1v\u011bn\u00ed bych r\u00e1d pod\u011bkoval v\u0161em pam\u011btn\u00edk\u016fm, kte\u0159\u00ed mi poskytli informace, vedouc\u00ed ke zmapov\u00e1n\u00ed v\u00fdvoje kopan\u00e9 ve Vi\u0161\u0148ov\u00e9m. V roce 2015 uplynulo 80 let od zalo\u017een\u00ed organizovan\u00e9 kopan\u00e9 v t\u00e9to obci. Za\u010d\u00e1tky jsou spojeny s n\u011bkolika nad\u0161enci, kte\u0159\u00ed se rozhodli v roce 1935 otev\u0159\u00edt dve\u0159e tomuto n\u00e1dhern\u00e9mu sportu a polo\u017eit z\u00e1klady zdej\u0161\u00edho klubu.<\/strong><\/div>\n<div style=\"text-align: justify;\"><\/div>\n<div style=\"text-align: justify;\"><strong>To, co uvedu ve sv\u00e9m popisu ud\u00e1lost\u00ed spojen\u00fdch se zalo\u017een\u00edm, a v\u00fdstavbou klubu se bude dne\u0161n\u00ed generaci zd\u00e1t asi neuv\u011b\u0159iteln\u00e9. Ani nelze popsat strastiplnou cestu, kter\u00e1 vedla k vybudov\u00e1n\u00ed z\u00e1klad\u016f dne\u0161n\u00edho \u00fasp\u011b\u0161n\u00e9ho klubu.<\/strong><\/div>\n<div style=\"text-align: justify;\"><\/div>\n<div style=\"text-align: justify;\"><strong>Ve \u0161koln\u00edm roce 1933\/1934 nav\u0161t\u011bvovali chlapci z Vi\u0161\u0148ov\u00e9ho \u010dtvrt\u00fd ro\u010dn\u00edk M\u011b\u0161\u0165ansk\u00e9 \u0161koly v Moravsk\u00e9m Krumlov\u011b. Bylo to okresn\u00ed m\u011bsto, kde byl fotbalov\u00fd klub a do t\u00e9to hry zap\u00e1len\u00fd u\u010ditel t\u011blesn\u00e9 v\u00fdchovy Anton\u00edn Filka. Ten je vodil v hodin\u00e1ch t\u011blesn\u00e9 v\u00fdchovy na fotbalov\u00e9 h\u0159i\u0161t\u011b a vzbudil v nich z\u00e1jem o tuto hru. N\u011bkdy z\u016fst\u00e1vali u p\u0159\u00edbuzn\u00fdch v Moravsk\u00e9m Krumlov\u011b a m\u011bli tak mo\u017enost vid\u011bt mistrovsk\u00e9 z\u00e1pasy dom\u00e1c\u00edho mu\u017estva.<\/strong><\/div>\n<div style=\"text-align: justify;\"><\/div>\n<div style=\"text-align: justify;\"><strong>Na ja\u0159e 1935 tito pr\u016fkopn\u00edci p\u0159em\u00fd\u0161leli, jak dov\u00e9st kopanou do Vi\u0161\u0148ov\u00e9ho. Poda\u0159ilo se naj\u00edt v \u0159ad\u00e1ch m\u00edstn\u00edch chlapc\u016f z\u00e1jemce, probl\u00e9mem ov\u0161em bylo naj\u00edt h\u0159i\u0161t\u011b, sehnat m\u00ed\u010d a dal\u0161\u00ed vybaven\u00ed nutn\u00e9 pro hru. Pen\u011bz bylo samoz\u0159ejm\u011b velmi m\u00e1lo, proto se kopa\u010dky vyr\u00e1b\u011bly z pracovn\u00edch bot tak, \u017ee se do podr\u00e1\u017eek nabily kol\u00edky. Jeden m\u00ed\u010d se objevil kdesi ve stodole a jako dresy slou\u017eily na \u010derveno p\u0159ebarven\u00e9 ko\u0161ile. H\u0159i\u0161t\u011b byl asi nejv\u011bt\u0161\u00ed probl\u00e9m. Rovinat\u00fdch \u00fasek\u016f bylo v obci velmi m\u00e1lo, pole pat\u0159ila ob\u010dan\u016fm \u010di statku. Nakonec se na\u0161el prostor o rozm\u011brech 80*45 p\u0159ed m\u011b\u0161\u0165anskou \u0161kolou. Ide\u00e1ln\u00ed to nebylo, ale tento v\u00edcem\u00e9n\u011b rovn\u00fd, travnat\u00fd pozemek byl prvn\u00edm h\u0159i\u0161t\u011bm. Sv\u00edraly jej dv\u011b cesty a alej lip. Branky se stloukly z prken a mohlo se za\u010d\u00edt. Prvn\u00ed funguj\u00edc\u00ed mu\u017estvo se podle dobov\u00e9 fotografie ze sez\u00f3ny 1934-1935 skl\u00e1dalo z t\u011bchto hr\u00e1\u010d\u016f: brank\u00e1\u0159 Josef Jel\u00ednek, obr\u00e1nci Ruda Kapounek, Jaroslav Kapinus, z\u00e1lo\u017en\u00edci Franti\u0161ek Bojanovsk\u00fd, Josef Styx, Bohu\u0161 Peroutka, a podle tehdej\u0161\u00edho hern\u00edho syst\u00e9mu p\u011btice (!!!) \u00fato\u010dn\u00edk\u016f v \u010dele s Josefem Pavl\u00edkem, Bo\u017eou Doubkem, Standou Ad\u00e1mkem, a pozd\u011bji spolehliv\u00fdm centrhalvem (stoperem) Tondou Kl\u00fcglem. Z dal\u0161\u00edch hr\u00e1\u010d\u016f jmenuji bratry Pavl\u00edky z Mikulovic, Pep\u00edka Indru, Jendu \u0160rota, Franti\u0161ka Kudl\u00e1\u010dka, Jendu Ko\u0161\u00ed\u010dka, Pravoslava Kl\u00fcgla, Vondr\u00e1ka, Franti\u0161ka Po\u017e\u00e1ra, Karla Tesa\u0159e, Ladislava Krch\u0148av\u00e9ho, Jendu Mairingera, kter\u00fd kdy\u017e m\u011bl m\u00ed\u010d, byl k nezastaven\u00ed. Ze Znojma p\u0159i\u0161li Miroslav Navr\u00e1til a brank\u00e1\u0159 Indra. Z m\u00edstn\u00edch nelze zapomenout na rezervn\u00edho branka\u0159e V\u00e1clava Krch\u0148av\u00e9ho, kter\u00fd chytal zvl\u00e1\u0161tn\u00edm zp\u016fsobem \u2013 ne do ko\u0161e, ale rukama proti sob\u011b.<\/strong><\/div>\n<div style=\"text-align: justify;\"><\/div>\n<div style=\"text-align: justify;\"><strong>Zastavili jsme se v na\u0161em vypr\u00e1v\u011bn\u00ed u provizorn\u00edho h\u0159i\u0161t\u011b, kter\u00e9 co do povrchu a rozm\u011br\u016f nebylo zdaleka ide\u00e1ln\u00ed. Politick\u00e1 situace v t\u00e9 dob\u011b nebyla dobr\u00e1 a tyto probl\u00e9my nikoho nezaj\u00edmaly. P\u0159esto museli fotbalist\u00e9 v t\u011bchto podm\u00ednk\u00e1ch vydr\u017eet dlouh\u00e9 dva roky. N\u00e1hoda pomohla, \u017ee jednou p\u0159i tr\u00e9ninku jel kolem majitel z\u00e1mku a statku s p\u0159ilehl\u00fdmi lesy Felix Spiegel. Projevil z\u00e1jem o tento sport a poskytl odpov\u00eddaj\u00edc\u00ed d\u0159evo na branky. Jak ale p\u0159ij\u00edt k pen\u011bz\u016fm na m\u00ed\u010de a vybaven\u00ed? Hr\u00e1\u010di zavedli dobrovoln\u00e9 vstupn\u00e9 a za rok se poda\u0159ilo nakoupit za tyto vybran\u00e9 pen\u00edze nezbytn\u00e9 v\u011bci. Na kole se jelo nakoupit dresy do Znojma. Jako vzor byla vybr\u00e1na tehdej\u0161\u00ed Sparta Praha v\u010detn\u011b n\u00e1zvu i barvy dres\u016f.(ofici\u00e1ln\u00ed n\u00e1zev byl AC Sparta Vi\u0161\u0148ov\u00e9). Jeden dres st\u00e1l tehdy 20 K\u010d a \u0161tulpny 5 K\u010d. Z\u016fstal probl\u00e9m kopa\u010dek, kter\u00fd byl i nad\u00e1le \u0159e\u0161en \u00fapravou ko\u017een\u00fdch pracovn\u00edch bot. S\u00edt\u011b na brank\u00e1ch to byl dal\u0161\u00ed p\u0159epych. Po dvou letech se poda\u0159ilo vybudovat nov\u00e9 a definitivn\u00ed h\u0159i\u0161t\u011b na Star\u00e9 ho\u0159e, kam byly namontov\u00e1ny dr\u00e1t\u011bn\u00e9 s\u00edt\u011b z b\u00fdval\u00e9ho pole.<\/strong><\/div>\n<div style=\"text-align: justify;\"><\/div>\n<div style=\"text-align: justify;\"><strong>Ji\u017e pojmenovan\u00fd a funguj\u00edc\u00ed klub nem\u011bl \u017e\u00e1dn\u00e9ho ofici\u00e1ln\u00edho v\u016fdce, v\u0161e se d\u011blalo dohromady. V Brn\u011b se nechalo zhotovit raz\u00edtko s n\u00e1zvem a logem klubu. Bylo kulat\u00e9, uprost\u0159ed byla p\u011btic\u00edp\u00e1 hv\u011bzda a text \u201eAC Sparta Vi\u0161\u0148ov\u00e9\u201c po obvodu.<\/strong><\/div>\n<div style=\"text-align: justify;\"><\/div>\n<div style=\"text-align: justify;\"><strong>V roce 1938 sehr\u00e1lo Vi\u0161\u0148ovsk\u00e9 mu\u017estvo p\u0159\u00e1telsk\u00e1 utk\u00e1n\u00ed s mu\u017estvy AFK \u017di\u017eka Brno a ARSENAL Husovice Brno. Velk\u00fdm \u00fasp\u011bchem tehdej\u0161\u00edho mu\u017estva byla rem\u00edza s b\u00e9\u010dkem Miroslavi.(miroslavsk\u00fdch N\u011bmc\u016f) Z na\u0161eho okol\u00ed se hr\u00e1\u010di utk\u00e1vali s t\u011bmito celky: Viktoria Tule\u0161ice, Rapid Rybn\u00edky, SK V\u00e9myslice, Sk. Horn\u00ed Dub\u0148any, SK. Doln\u00ed Dub\u0148any, Sparta Mikulovice, \u00dananov,\u2026<\/strong><\/div>\n<div style=\"text-align: justify;\"><\/div>\n<div style=\"text-align: justify;\"><strong>Z v\u00e1le\u010dn\u00fdch let se toho moc nedochovalo, za zm\u00ednku stoj\u00ed i to, \u017ee do\u0161lo k vytvo\u0159en\u00ed hokejov\u00e9ho mu\u017estva. Toto mu\u017estvo v\u0161ak nem\u011blo dlouh\u00e9ho trv\u00e1n\u00ed, proto\u017ee nebyla ledov\u00e1 plocha.<\/strong><\/div>\n<div style=\"text-align: justify;\"><\/div>\n<div style=\"text-align: justify;\"><strong>T\u00edmto kon\u010d\u00ed na\u0161e v\u00fdprava do historie TJ Vi\u0161\u0148ov\u00e9 a jejich nelehk\u00fdch za\u010d\u00e1tk\u016f. D\u011bkuji p\u00e1n\u016fm Styxovi a Bojanovsk\u00e9mu za poskytnut\u00e9 informace z t\u00e9to doby.<\/strong><\/div>\n<div style=\"text-align: justify;\">Miroslav Mach<\/div>\n<div style=\"text-align: justify;\">\u00a0<a href=\"http:\/\/fotbal.visnove.cz\/wp-content\/uploads\/2017\/10\/soupiska-AC-Sparta-Vi\u0161\u0148ov\u00e9.jpg\"><img loading=\"lazy\" class=\"alignnone wp-image-405 \" src=\"http:\/\/fotbal.visnove.cz\/wp-content\/uploads\/2017\/10\/soupiska-AC-Sparta-Vi\u0161\u0148ov\u00e9-300x225.jpg\" alt=\"soupiska AC Sparta Vi\u0161\u0148ov\u00e9\" width=\"243\" height=\"182\" srcset=\"http:\/\/fotbal.visnove.cz\/wp-content\/uploads\/2017\/10\/soupiska-AC-Sparta-Vi\u0161\u0148ov\u00e9-300x225.jpg 300w, http:\/\/fotbal.visnove.cz\/wp-content\/uploads\/2017\/10\/soupiska-AC-Sparta-Vi\u0161\u0148ov\u00e9.jpg 768w\" sizes=\"(max-width: 243px) 100vw, 243px\" \/><\/a><a href=\"http:\/\/fotbal.visnove.cz\/wp-content\/uploads\/2017\/10\/1934.jpg\"><img loading=\"lazy\" class=\"alignnone wp-image-406 size-medium\" src=\"http:\/\/fotbal.visnove.cz\/wp-content\/uploads\/2017\/10\/1934-300x197.jpg\" alt=\"1934\" width=\"300\" height=\"197\" srcset=\"http:\/\/fotbal.visnove.cz\/wp-content\/uploads\/2017\/10\/1934-300x197.jpg 300w, http:\/\/fotbal.visnove.cz\/wp-content\/uploads\/2017\/10\/1934-768x504.jpg 768w, http:\/\/fotbal.visnove.cz\/wp-content\/uploads\/2017\/10\/1934.jpg 877w\" sizes=\"(max-width: 300px) 100vw, 300px\" \/><\/a><\/div>\n<div style=\"text-align: justify;\"><\/div>\n<div>\u00a0<a href=\"http:\/\/fotbal.visnove.cz\/wp-content\/uploads\/2017\/10\/1939.png\"><img loading=\"lazy\" class=\"size-medium wp-image-407\" src=\"http:\/\/fotbal.visnove.cz\/wp-content\/uploads\/2017\/10\/1939-300x225.png\" alt=\"1939\" width=\"300\" height=\"225\" srcset=\"http:\/\/fotbal.visnove.cz\/wp-content\/uploads\/2017\/10\/1939-300x225.png 300w, http:\/\/fotbal.visnove.cz\/wp-content\/uploads\/2017\/10\/1939.png 768w\" sizes=\"(max-width: 300px) 100vw, 300px\" \/><\/a><a class=\"alignnone\" href=\"http:\/\/fotbal.visnove.cz\/wp-content\/uploads\/2017\/10\/historie-1.jpg\"><img loading=\"lazy\" class=\"size-medium wp-image-334 alignnone\" src=\"http:\/\/fotbal.visnove.cz\/wp-content\/uploads\/2017\/10\/1962-2-300x195.jpg\" alt=\"\" width=\"300\" height=\"195\" srcset=\"http:\/\/fotbal.visnove.cz\/wp-content\/uploads\/2017\/10\/1962-2-300x195.jpg 300w, http:\/\/fotbal.visnove.cz\/wp-content\/uploads\/2017\/10\/1962-2-768x500.jpg 768w, http:\/\/fotbal.visnove.cz\/wp-content\/uploads\/2017\/10\/1962-2-1024x666.jpg 1024w, http:\/\/fotbal.visnove.cz\/wp-content\/uploads\/2017\/10\/1962-2.jpg 1085w\" sizes=\"(max-width: 300px) 100vw, 300px\" \/><\/a><\/div>\n<div style=\"text-align: justify;\"><img loading=\"lazy\" class=\"alignnone size-medium wp-image-349\" src=\"http:\/\/fotbal.visnove.cz\/wp-content\/uploads\/2017\/10\/historie31-300x195.jpg\" alt=\"historie31\" width=\"300\" height=\"195\" srcset=\"http:\/\/fotbal.visnove.cz\/wp-content\/uploads\/2017\/10\/historie31-300x195.jpg 300w, http:\/\/fotbal.visnove.cz\/wp-content\/uploads\/2017\/10\/historie31-768x500.jpg 768w, http:\/\/fotbal.visnove.cz\/wp-content\/uploads\/2017\/10\/historie31-1024x666.jpg 1024w, http:\/\/fotbal.visnove.cz\/wp-content\/uploads\/2017\/10\/historie31.jpg 1085w\" sizes=\"(max-width: 300px) 100vw, 300px\" \/><img loading=\"lazy\" class=\"alignnone wp-image-348 size-medium\" src=\"http:\/\/fotbal.visnove.cz\/wp-content\/uploads\/2017\/10\/historie21-300x195.jpg\" width=\"300\" height=\"195\" srcset=\"http:\/\/fotbal.visnove.cz\/wp-content\/uploads\/2017\/10\/historie21-300x195.jpg 300w, http:\/\/fotbal.visnove.cz\/wp-content\/uploads\/2017\/10\/historie21-768x500.jpg 768w, http:\/\/fotbal.visnove.cz\/wp-content\/uploads\/2017\/10\/historie21-1024x666.jpg 1024w, http:\/\/fotbal.visnove.cz\/wp-content\/uploads\/2017\/10\/historie21.jpg 1085w\" sizes=\"(max-width: 300px) 100vw, 300px\" \/><\/div>\n<div style=\"text-align: justify;\"><a href=\"http:\/\/fotbal.visnove.cz\/wp-content\/uploads\/2017\/10\/historie.jpg\"><img loading=\"lazy\" class=\"alignnone size-medium wp-image-336\" src=\"http:\/\/fotbal.visnove.cz\/wp-content\/uploads\/2017\/10\/historie-300x195.jpg\" alt=\"historie\" width=\"300\" height=\"195\" srcset=\"http:\/\/fotbal.visnove.cz\/wp-content\/uploads\/2017\/10\/historie-300x195.jpg 300w, http:\/\/fotbal.visnove.cz\/wp-content\/uploads\/2017\/10\/historie-768x500.jpg 768w, http:\/\/fotbal.visnove.cz\/wp-content\/uploads\/2017\/10\/historie-1024x666.jpg 1024w, http:\/\/fotbal.visnove.cz\/wp-content\/uploads\/2017\/10\/historie.jpg 1085w\" sizes=\"(max-width: 300px) 100vw, 300px\" \/><\/a> <a href=\"http:\/\/fotbal.visnove.cz\/wp-content\/uploads\/2017\/10\/1964-1.jpg\"><img loading=\"lazy\" class=\"alignnone size-medium wp-image-335\" src=\"http:\/\/fotbal.visnove.cz\/wp-content\/uploads\/2017\/10\/1964-1-300x195.jpg\" alt=\"1964\" width=\"300\" height=\"195\" srcset=\"http:\/\/fotbal.visnove.cz\/wp-content\/uploads\/2017\/10\/1964-1-300x195.jpg 300w, http:\/\/fotbal.visnove.cz\/wp-content\/uploads\/2017\/10\/1964-1-768x500.jpg 768w, http:\/\/fotbal.visnove.cz\/wp-content\/uploads\/2017\/10\/1964-1-1024x666.jpg 1024w, http:\/\/fotbal.visnove.cz\/wp-content\/uploads\/2017\/10\/1964-1.jpg 1085w\" sizes=\"(max-width: 300px) 100vw, 300px\" \/><\/a><\/div>\n<div style=\"text-align: justify;\"><a href=\"http:\/\/fotbal.visnove.cz\/wp-content\/uploads\/2017\/10\/historie2.jpg\"><img loading=\"lazy\" class=\"alignnone size-medium wp-image-338\" src=\"http:\/\/fotbal.visnove.cz\/wp-content\/uploads\/2017\/10\/historie2-300x195.jpg\" alt=\"\" width=\"300\" height=\"195\" srcset=\"http:\/\/fotbal.visnove.cz\/wp-content\/uploads\/2017\/10\/historie2-300x195.jpg 300w, http:\/\/fotbal.visnove.cz\/wp-content\/uploads\/2017\/10\/historie2-768x500.jpg 768w, http:\/\/fotbal.visnove.cz\/wp-content\/uploads\/2017\/10\/historie2-1024x666.jpg 1024w, http:\/\/fotbal.visnove.cz\/wp-content\/uploads\/2017\/10\/historie2.jpg 1085w\" sizes=\"(max-width: 300px) 100vw, 300px\" \/><\/a><a href=\"http:\/\/fotbal.visnove.cz\/wp-content\/uploads\/2017\/10\/historie2-1.jpg\"><img loading=\"lazy\" class=\"alignnone size-medium wp-image-339\" src=\"http:\/\/fotbal.visnove.cz\/wp-content\/uploads\/2017\/10\/historie2-1-300x195.jpg\" alt=\"historie2\" width=\"300\" height=\"195\" srcset=\"http:\/\/fotbal.visnove.cz\/wp-content\/uploads\/2017\/10\/historie2-1-300x195.jpg 300w, http:\/\/fotbal.visnove.cz\/wp-content\/uploads\/2017\/10\/historie2-1-768x500.jpg 768w, http:\/\/fotbal.visnove.cz\/wp-content\/uploads\/2017\/10\/historie2-1-1024x666.jpg 1024w, http:\/\/fotbal.visnove.cz\/wp-content\/uploads\/2017\/10\/historie2-1.jpg 1085w\" sizes=\"(max-width: 300px) 100vw, 300px\" \/><\/a> <a href=\"http:\/\/fotbal.visnove.cz\/wp-content\/uploads\/2017\/10\/historie3.jpg\"><img loading=\"lazy\" class=\"alignnone size-medium wp-image-340\" src=\"http:\/\/fotbal.visnove.cz\/wp-content\/uploads\/2017\/10\/historie3-300x195.jpg\" alt=\"historie3\" width=\"300\" height=\"195\" srcset=\"http:\/\/fotbal.visnove.cz\/wp-content\/uploads\/2017\/10\/historie3-300x195.jpg 300w, http:\/\/fotbal.visnove.cz\/wp-content\/uploads\/2017\/10\/historie3-768x500.jpg 768w, http:\/\/fotbal.visnove.cz\/wp-content\/uploads\/2017\/10\/historie3-1024x666.jpg 1024w, http:\/\/fotbal.visnove.cz\/wp-content\/uploads\/2017\/10\/historie3.jpg 1085w\" sizes=\"(max-width: 300px) 100vw, 300px\" \/><\/a><a href=\"http:\/\/fotbal.visnove.cz\/wp-content\/uploads\/2017\/10\/historie-18.jpg\"><img loading=\"lazy\" class=\"alignnone size-medium wp-image-341\" src=\"http:\/\/fotbal.visnove.cz\/wp-content\/uploads\/2017\/10\/historie-18-300x195.jpg\" alt=\"\" width=\"300\" height=\"195\" srcset=\"http:\/\/fotbal.visnove.cz\/wp-content\/uploads\/2017\/10\/historie-18-300x195.jpg 300w, http:\/\/fotbal.visnove.cz\/wp-content\/uploads\/2017\/10\/historie-18-768x500.jpg 768w, http:\/\/fotbal.visnove.cz\/wp-content\/uploads\/2017\/10\/historie-18-1024x666.jpg 1024w, http:\/\/fotbal.visnove.cz\/wp-content\/uploads\/2017\/10\/historie-18.jpg 1085w\" sizes=\"(max-width: 300px) 100vw, 300px\" \/><\/a><\/div>\n<div style=\"text-align: justify;\"><a href=\"http:\/\/fotbal.visnove.cz\/wp-content\/uploads\/2017\/10\/historie31-1.jpg\"><img loading=\"lazy\" class=\"alignleft size-medium wp-image-416\" src=\"http:\/\/fotbal.visnove.cz\/wp-content\/uploads\/2017\/10\/historie31-1-300x195.jpg\" alt=\"historie31\" width=\"300\" height=\"195\" srcset=\"http:\/\/fotbal.visnove.cz\/wp-content\/uploads\/2017\/10\/historie31-1-300x195.jpg 300w, http:\/\/fotbal.visnove.cz\/wp-content\/uploads\/2017\/10\/historie31-1-768x500.jpg 768w, http:\/\/fotbal.visnove.cz\/wp-content\/uploads\/2017\/10\/historie31-1-1024x666.jpg 1024w, http:\/\/fotbal.visnove.cz\/wp-content\/uploads\/2017\/10\/historie31-1.jpg 1085w\" sizes=\"(max-width: 300px) 100vw, 300px\" \/><\/a><\/div>\n<div style=\"text-align: justify;\"><a href=\"http:\/\/fotbal.visnove.cz\/wp-content\/uploads\/2017\/10\/Historie-22.jpg\"><img loading=\"lazy\" class=\"alignnone size-medium wp-image-417\" src=\"http:\/\/fotbal.visnove.cz\/wp-content\/uploads\/2017\/10\/Historie-22-300x225.jpg\" alt=\"Historie 22\" width=\"300\" height=\"225\" srcset=\"http:\/\/fotbal.visnove.cz\/wp-content\/uploads\/2017\/10\/Historie-22-300x225.jpg 300w, http:\/\/fotbal.visnove.cz\/wp-content\/uploads\/2017\/10\/Historie-22-768x577.jpg 768w, http:\/\/fotbal.visnove.cz\/wp-content\/uploads\/2017\/10\/Historie-22-1024x769.jpg 1024w, http:\/\/fotbal.visnove.cz\/wp-content\/uploads\/2017\/10\/Historie-22.jpg 1546w\" sizes=\"(max-width: 300px) 100vw, 300px\" \/><\/a><a href=\"http:\/\/fotbal.visnove.cz\/wp-content\/uploads\/2017\/10\/historie15.jpg\"><img loading=\"lazy\" class=\"alignnone size-medium wp-image-344\" src=\"http:\/\/fotbal.visnove.cz\/wp-content\/uploads\/2017\/10\/historie15-300x195.jpg\" alt=\"\" width=\"300\" height=\"195\" srcset=\"http:\/\/fotbal.visnove.cz\/wp-content\/uploads\/2017\/10\/historie15-300x195.jpg 300w, http:\/\/fotbal.visnove.cz\/wp-content\/uploads\/2017\/10\/historie15-768x500.jpg 768w, http:\/\/fotbal.visnove.cz\/wp-content\/uploads\/2017\/10\/historie15-1024x666.jpg 1024w, http:\/\/fotbal.visnove.cz\/wp-content\/uploads\/2017\/10\/historie15.jpg 1085w\" sizes=\"(max-width: 300px) 100vw, 300px\" \/><\/a><a href=\"http:\/\/fotbal.visnove.cz\/wp-content\/uploads\/2017\/10\/historie-14.jpg\"><img loading=\"lazy\" class=\"alignnone wp-image-343 size-medium\" src=\"http:\/\/fotbal.visnove.cz\/wp-content\/uploads\/2017\/10\/historie-14-300x195.jpg\" alt=\"historie-14\" width=\"300\" height=\"195\" srcset=\"http:\/\/fotbal.visnove.cz\/wp-content\/uploads\/2017\/10\/historie-14-300x195.jpg 300w, http:\/\/fotbal.visnove.cz\/wp-content\/uploads\/2017\/10\/historie-14-768x500.jpg 768w, http:\/\/fotbal.visnove.cz\/wp-content\/uploads\/2017\/10\/historie-14-1024x666.jpg 1024w, http:\/\/fotbal.visnove.cz\/wp-content\/uploads\/2017\/10\/historie-14.jpg 1085w\" sizes=\"(max-width: 300px) 100vw, 300px\" \/><\/a><\/div>\n<div style=\"text-align: justify;\"><\/div>\n<div style=\"text-align: justify;\"><a href=\"http:\/\/fotbal.visnove.cz\/wp-content\/uploads\/2017\/10\/historie-8.jpg\"><img loading=\"lazy\" class=\"alignnone size-medium wp-image-346\" src=\"http:\/\/fotbal.visnove.cz\/wp-content\/uploads\/2017\/10\/historie-8-300x195.jpg\" alt=\"\" width=\"300\" height=\"195\" srcset=\"http:\/\/fotbal.visnove.cz\/wp-content\/uploads\/2017\/10\/historie-8-300x195.jpg 300w, http:\/\/fotbal.visnove.cz\/wp-content\/uploads\/2017\/10\/historie-8-768x500.jpg 768w, http:\/\/fotbal.visnove.cz\/wp-content\/uploads\/2017\/10\/historie-8-1024x666.jpg 1024w, http:\/\/fotbal.visnove.cz\/wp-content\/uploads\/2017\/10\/historie-8.jpg 1085w\" sizes=\"(max-width: 300px) 100vw, 300px\" \/><\/a><a href=\"http:\/\/fotbal.visnove.cz\/wp-content\/uploads\/2017\/10\/historie-20.jpg\"><img loading=\"lazy\" class=\"alignnone size-medium wp-image-347\" src=\"http:\/\/fotbal.visnove.cz\/wp-content\/uploads\/2017\/10\/historie-20-300x195.jpg\" alt=\"\" width=\"300\" height=\"195\" srcset=\"http:\/\/fotbal.visnove.cz\/wp-content\/uploads\/2017\/10\/historie-20-300x195.jpg 300w, http:\/\/fotbal.visnove.cz\/wp-content\/uploads\/2017\/10\/historie-20-768x500.jpg 768w, http:\/\/fotbal.visnove.cz\/wp-content\/uploads\/2017\/10\/historie-20-1024x666.jpg 1024w, http:\/\/fotbal.visnove.cz\/wp-content\/uploads\/2017\/10\/historie-20.jpg 1085w\" sizes=\"(max-width: 300px) 100vw, 300px\" \/><\/a><\/div>\n<div style=\"text-align: justify;\">\n<div style=\"width: 310px\" class=\"wp-caption alignnone\"><a href=\"http:\/\/fotbal.visnove.cz\/wp-content\/uploads\/2017\/10\/Dorost-p\u0159eborn\u00edk-okresu-1984.jpg\"><img loading=\"lazy\" class=\"size-medium wp-image-411\" src=\"http:\/\/fotbal.visnove.cz\/wp-content\/uploads\/2017\/10\/Dorost-p\u0159eborn\u00edk-okresu-1984-300x202.jpg\" alt=\"Dorost p\u0159eborn\u00edk okresu 1984\" width=\"300\" height=\"202\" srcset=\"http:\/\/fotbal.visnove.cz\/wp-content\/uploads\/2017\/10\/Dorost-p\u0159eborn\u00edk-okresu-1984-300x202.jpg 300w, http:\/\/fotbal.visnove.cz\/wp-content\/uploads\/2017\/10\/Dorost-p\u0159eborn\u00edk-okresu-1984-768x517.jpg 768w, http:\/\/fotbal.visnove.cz\/wp-content\/uploads\/2017\/10\/Dorost-p\u0159eborn\u00edk-okresu-1984-1024x690.jpg 1024w\" sizes=\"(max-width: 300px) 100vw, 300px\" \/><\/a><p class=\"wp-caption-text\">Dorost p\u0159eborn\u00edk okresu 1984<\/p><\/div>\n<p><a href=\"http:\/\/fotbal.visnove.cz\/wp-content\/uploads\/2017\/11\/1989visn4x2.jpg\"><img loading=\"lazy\" class=\"wp-image-430 alignleft\" src=\"http:\/\/fotbal.visnove.cz\/wp-content\/uploads\/2017\/11\/1989visn4x2-300x205.jpg\" alt=\"4* Vi\u0161\u0148ov\u00e9\" width=\"244\" height=\"167\" srcset=\"http:\/\/fotbal.visnove.cz\/wp-content\/uploads\/2017\/11\/1989visn4x2-300x205.jpg 300w, http:\/\/fotbal.visnove.cz\/wp-content\/uploads\/2017\/11\/1989visn4x2.jpg 700w\" sizes=\"(max-width: 244px) 100vw, 244px\" \/><\/a><\/p>\n<div class=\"mceTemp\">\u00a0<a href=\"http:\/\/fotbal.visnove.cz\/wp-content\/uploads\/2017\/11\/1989visn4x3.jpg\"><img loading=\"lazy\" class=\"alignnone wp-image-431\" src=\"http:\/\/fotbal.visnove.cz\/wp-content\/uploads\/2017\/11\/1989visn4x3-300x203.jpg\" alt=\"1989visn4x3\" width=\"249\" height=\"169\" srcset=\"http:\/\/fotbal.visnove.cz\/wp-content\/uploads\/2017\/11\/1989visn4x3-300x203.jpg 300w, http:\/\/fotbal.visnove.cz\/wp-content\/uploads\/2017\/11\/1989visn4x3.jpg 708w\" sizes=\"(max-width: 249px) 100vw, 249px\" \/><\/a><\/div>\n<div class=\"mceTemp\"><\/div>\n<div id=\"attachment_414\" style=\"width: 310px\" class=\"wp-caption alignnone\"><a href=\"http:\/\/fotbal.visnove.cz\/wp-content\/uploads\/2017\/10\/Sta\u0159\u00ed-p\u00e1ni-Vi\u0161\u0148ov\u00e9.jpg\"><img aria-describedby=\"caption-attachment-414\" loading=\"lazy\" class=\"size-medium wp-image-414\" src=\"http:\/\/fotbal.visnove.cz\/wp-content\/uploads\/2017\/10\/Sta\u0159\u00ed-p\u00e1ni-Vi\u0161\u0148ov\u00e9-300x225.jpg\" alt=\"Sta\u0159\u00ed p\u00e1ni Vi\u0161\u0148ov\u00e9\" width=\"300\" height=\"225\" srcset=\"http:\/\/fotbal.visnove.cz\/wp-content\/uploads\/2017\/10\/Sta\u0159\u00ed-p\u00e1ni-Vi\u0161\u0148ov\u00e9-300x225.jpg 300w, http:\/\/fotbal.visnove.cz\/wp-content\/uploads\/2017\/10\/Sta\u0159\u00ed-p\u00e1ni-Vi\u0161\u0148ov\u00e9-768x576.jpg 768w, http:\/\/fotbal.visnove.cz\/wp-content\/uploads\/2017\/10\/Sta\u0159\u00ed-p\u00e1ni-Vi\u0161\u0148ov\u00e9.jpg 960w\" sizes=\"(max-width: 300px) 100vw, 300px\" \/><\/a><p id=\"caption-attachment-414\" class=\"wp-caption-text\">Sta\u0159\u00ed p\u00e1ni Vi\u0161\u0148ov\u00e9<\/p><\/div>\n<div id=\"attachment_412\" style=\"width: 310px\" class=\"wp-caption alignnone\"><a href=\"http:\/\/fotbal.visnove.cz\/wp-content\/uploads\/2017\/10\/Sta\u0159\u00ed-p\u00e1ni-1.jpg\"><img aria-describedby=\"caption-attachment-412\" loading=\"lazy\" class=\"size-medium wp-image-412\" src=\"http:\/\/fotbal.visnove.cz\/wp-content\/uploads\/2017\/10\/Sta\u0159\u00ed-p\u00e1ni-1-300x205.jpg\" alt=\"Sta\u0159\u00ed p\u00e1ni \" width=\"300\" height=\"205\" srcset=\"http:\/\/fotbal.visnove.cz\/wp-content\/uploads\/2017\/10\/Sta\u0159\u00ed-p\u00e1ni-1-300x205.jpg 300w, http:\/\/fotbal.visnove.cz\/wp-content\/uploads\/2017\/10\/Sta\u0159\u00ed-p\u00e1ni-1-768x524.jpg 768w, http:\/\/fotbal.visnove.cz\/wp-content\/uploads\/2017\/10\/Sta\u0159\u00ed-p\u00e1ni-1-1024x699.jpg 1024w, http:\/\/fotbal.visnove.cz\/wp-content\/uploads\/2017\/10\/Sta\u0159\u00ed-p\u00e1ni-1.jpg 1050w\" sizes=\"(max-width: 300px) 100vw, 300px\" \/><\/a><p id=\"caption-attachment-412\" class=\"wp-caption-text\">Sta\u0159\u00ed p\u00e1ni<a href=\"http:\/\/fotbal.visnove.cz\/wp-content\/uploads\/2017\/10\/Historie-24.jpg\"><img loading=\"lazy\" class=\"alignnone size-medium wp-image-422\" src=\"http:\/\/fotbal.visnove.cz\/wp-content\/uploads\/2017\/10\/Historie-24-300x225.jpg\" alt=\"Historie 24\" width=\"300\" height=\"225\" srcset=\"http:\/\/fotbal.visnove.cz\/wp-content\/uploads\/2017\/10\/Historie-24-300x225.jpg 300w, http:\/\/fotbal.visnove.cz\/wp-content\/uploads\/2017\/10\/Historie-24.jpg 718w\" sizes=\"(max-width: 300px) 100vw, 300px\" \/><\/a><\/p><\/div>\n<\/div>\n","protected":false},"excerpt":{"rendered":"<p>\u00a0 \u00a0 \u00a0 \u00a0 \u00a0Na za\u010d\u00e1tku tohoto vypr\u00e1v\u011bn\u00ed bych r\u00e1d pod\u011bkoval v\u0161em pam\u011btn\u00edk\u016fm, kte\u0159\u00ed mi poskytli informace, vedouc\u00ed ke zmapov\u00e1n\u00ed v\u00fdvoje kopan\u00e9 ve Vi\u0161\u0148ov\u00e9m. V roce 2015 uplynulo 80 let od zalo\u017een\u00ed organizovan\u00e9 kopan\u00e9 v t\u00e9to obci. Za\u010d\u00e1tky jsou spojeny s n\u011bkolika nad\u0161enci, kte\u0159\u00ed se rozhodli v roce 1935 otev\u0159\u00edt dve\u0159e tomuto n\u00e1dhern\u00e9mu sportu a [&hellip;]<\/p>\n","protected":false},"author":1,"featured_media":406,"parent":0,"menu_order":0,"comment_status":"closed","ping_status":"closed","template":"","meta":[],"_links":{"self":[{"href":"http:\/\/fotbal.visnove.cz\/index.php\/wp-json\/wp\/v2\/pages\/91"}],"collection":[{"href":"http:\/\/fotbal.visnove.cz\/index.php\/wp-json\/wp\/v2\/pages"}],"about":[{"href":"http:\/\/fotbal.visnove.cz\/index.php\/wp-json\/wp\/v2\/types\/page"}],"author":[{"embeddable":true,"href":"http:\/\/fotbal.visnove.cz\/index.php\/wp-json\/wp\/v2\/users\/1"}],"replies":[{"embeddable":true,"href":"http:\/\/fotbal.visnove.cz\/index.php\/wp-json\/wp\/v2\/comments?post=91"}],"version-history":[{"count":20,"href":"http:\/\/fotbal.visnove.cz\/index.php\/wp-json\/wp\/v2\/pages\/91\/revisions"}],"predecessor-version":[{"id":435,"href":"http:\/\/fotbal.visnove.cz\/index.php\/wp-json\/wp\/v2\/pages\/91\/revisions\/435"}],"wp:featuredmedia":[{"embeddable":true,"href":"http:\/\/fotbal.visnove.cz\/index.php\/wp-json\/wp\/v2\/media\/406"}],"wp:attachment":[{"href":"http:\/\/fotbal.visnove.cz\/index.php\/wp-json\/wp\/v2\/media?parent=91"}],"curies":[{"name":"wp","href":"https:\/\/api.w.org\/{rel}","templated":true}]}}